{"id":12,"date":"2022-11-05T11:53:45","date_gmt":"2022-11-05T10:53:45","guid":{"rendered":"https:\/\/musikwerkstattgeisenhausen.de\/?page_id=12"},"modified":"2025-07-25T11:53:06","modified_gmt":"2025-07-25T09:53:06","slug":"lehrer","status":"publish","type":"page","link":"https:\/\/musikwerkstattgeisenhausen.de\/?page_id=12","title":{"rendered":"Unsere Lehrer"},"content":{"rendered":"\n<p class=\"has-text-align-center\" id=\"Gunda\"><strong>Gunda Lemberger-Tremmel<\/strong><\/p>\n\n\n\n<figure class=\"wp-block-gallery aligncenter has-nested-images columns-default is-cropped wp-block-gallery-1 is-layout-flex wp-block-gallery-is-layout-flex\"><div class=\"wp-block-image\">\n<figure class=\"aligncenter size-large is-resized\"><img decoding=\"async\" loading=\"lazy\" data-id=\"168\" src=\"https:\/\/musikwerkstattgeisenhausen.de\/wp-content\/uploads\/2023\/08\/Musikwerkstatt_Gunda_Lemberger-Tremmel-1-683x1024.jpeg\" alt=\"\" class=\"wp-image-168\" style=\"width:334px;height:500px\" width=\"334\" height=\"500\" srcset=\"https:\/\/musikwerkstattgeisenhausen.de\/wp-content\/uploads\/2023\/08\/Musikwerkstatt_Gunda_Lemberger-Tremmel-1-683x1024.jpeg 683w, https:\/\/musikwerkstattgeisenhausen.de\/wp-content\/uploads\/2023\/08\/Musikwerkstatt_Gunda_Lemberger-Tremmel-1-200x300.jpeg 200w, https:\/\/musikwerkstattgeisenhausen.de\/wp-content\/uploads\/2023\/08\/Musikwerkstatt_Gunda_Lemberger-Tremmel-1-768x1152.jpeg 768w, https:\/\/musikwerkstattgeisenhausen.de\/wp-content\/uploads\/2023\/08\/Musikwerkstatt_Gunda_Lemberger-Tremmel-1-1024x1536.jpeg 1024w, https:\/\/musikwerkstattgeisenhausen.de\/wp-content\/uploads\/2023\/08\/Musikwerkstatt_Gunda_Lemberger-Tremmel-1.jpeg 1365w\" sizes=\"(max-width: 334px) 100vw, 334px\" \/><\/figure><\/div><\/figure>\n\n\n\n<p class=\"has-text-align-center\">Leiterin der Musikwerkstatt Geisenhausen<\/p>\n\n\n\n<p class=\"has-text-align-center\">Elementare Musikp\u00e4dagogische Ausbildung nach Orff und Pierre Van Hauwe<br>Musikalische Leitung der Barabara Singers<br>Mitglied der Geisenhausener Saitenmusik und Folklass<\/p>\n\n\n\n<p class=\"has-text-align-center\"><em>Instrumente:<br>Hackbrett, Gitarre, Sopraninofl\u00f6te, Sopranfl\u00f6te, Altfl\u00f6te, Tenorfl\u00f6te, Bassfl\u00f6te,<br>Steirische Harmonika, Klavier, Musikalische Fr\u00fcherziehung<\/em><\/p>\n\n\n\n<div style=\"height:100px\" aria-hidden=\"true\" class=\"wp-block-spacer\"><\/div>\n\n\n\n<p class=\"has-text-align-center\" id=\"Monika\"><strong>Monika Fischer<\/strong><\/p>\n\n\n\n<figure class=\"wp-block-gallery aligncenter has-nested-images columns-default is-cropped wp-block-gallery-3 is-layout-flex wp-block-gallery-is-layout-flex\"><div class=\"wp-block-image\">\n<figure class=\"aligncenter size-large is-resized\"><img decoding=\"async\" loading=\"lazy\" data-id=\"169\" src=\"https:\/\/musikwerkstattgeisenhausen.de\/wp-content\/uploads\/2023\/08\/Musikwerkstatt_Monika_Zirngibl-683x1024.jpg\" alt=\"\" class=\"wp-image-169\" style=\"width:332px;height:500px\" width=\"332\" height=\"500\"\/><\/figure><\/div><\/figure>\n\n\n\n<p class=\"has-text-align-center\">elementare Musikp\u00e4dagogin (Pierre von Hauwe Konzept) und zertifizierte Gitarrenlehrerin<\/p>\n\n\n\n<p class=\"has-text-align-center\">Mitglied der Geisenhausener Saitenmusik, Folklass und verschiedene Orchester.<\/p>\n\n\n\n<p class=\"has-text-align-center\"><em>Instrumente:<br>Gitarre, Ukulele, Kontrabass, Blockfl\u00f6te, elementare Musikp\u00e4dagogik<\/em><\/p>\n\n\n\n<div style=\"height:100px\" aria-hidden=\"true\" id=\"Didi\" class=\"wp-block-spacer\"><\/div>\n\n\n\n<p class=\"has-text-align-center\"><strong>Klaus Kosney<\/strong><\/p>\n\n\n<div class=\"wp-block-image\">\n<figure class=\"aligncenter size-full\"><img decoding=\"async\" loading=\"lazy\" width=\"279\" height=\"524\" src=\"https:\/\/musikwerkstattgeisenhausen.de\/wp-content\/uploads\/2025\/01\/Image-1.jpg\" alt=\"\" class=\"wp-image-377\" srcset=\"https:\/\/musikwerkstattgeisenhausen.de\/wp-content\/uploads\/2025\/01\/Image-1.jpg 279w, https:\/\/musikwerkstattgeisenhausen.de\/wp-content\/uploads\/2025\/01\/Image-1-160x300.jpg 160w\" sizes=\"(max-width: 279px) 100vw, 279px\" \/><\/figure><\/div>\n\n\n<p class=\"has-text-align-center\">Musikstudium am Richard-Strauss-Konservatorium in M\u00fcnchen<br>Hauptfach: Gitarre, bei Frau Polasek und Santiago Navascu\u00e9z<br>Nebenfach: Klavier<\/p>\n\n\n\n<p class=\"has-text-align-center\">W\u00e4hrend des Musikstudiums Gr\u00fcndung der Rockband The Groove<\/p>\n\n\n\n<p class=\"has-text-align-center\">Sp\u00e4ter Gr\u00fcndung der Rockgruppe Munich<br>1. LP: Munich<br>2.LP: Sideshow<\/p>\n\n\n\n<p class=\"has-text-align-center\">Als Studiomusiker viele Einspielungen, u.a. f\u00fcr das italienische Trio<br>Ricchi &amp; Poveri<\/p>\n\n\n\n<p class=\"has-text-align-center\">Er\u00f6ffnung des Recording-Studios Magic Sound<\/p>\n\n\n\n<p class=\"has-text-align-center\">Gro\u00dfe Europatournee mit Konstantin Wecker und Joan Baez durch Italien, \u00d6sterreich, Schweiz, Liechtenstein, Luxemburg und Deutschland.<\/p>\n\n\n\n<p class=\"has-text-align-center\">Bis heute t\u00e4tig als Privatmusiklehrer, Rockmusiker, Komponist, Chors\u00e4nger und Sologitarrist.<\/p>\n\n\n\n<p class=\"has-text-align-center\"><em>Instrumente:<br>E-Gitarre, Gitarre, Keyboard<\/em><\/p>\n\n\n\n<div style=\"height:100px\" aria-hidden=\"true\" id=\"Didi\" class=\"wp-block-spacer\"><\/div>\n\n\n\n<p class=\"has-text-align-center\"><strong>Didi Eigner<\/strong><\/p>\n\n\n\n<p class=\"has-text-align-center\">Schlagzeuger und staatlich anerkannter Musiklehrer f\u00fcr Schlaginstrumente<br>Unterrichtspraxis seit 1992, verheiratet, 3 Kinder.<\/p>\n\n\n\n<p class=\"has-text-align-center\">Spielt derzeit bei &#8222;Back Church`n Groove&#8220;.<\/p>\n\n\n\n<p class=\"has-text-align-center\"><em>Instrumente:<br>Schlagzeug, Percussion, Cajon<\/em><\/p>\n\n\n\n<p class=\"has-text-align-center\">Homepage: <a href=\"https:\/\/trommeleididieigner.de\/\" data-type=\"link\" data-id=\"https:\/\/trommeleididieigner.de\/\">https:\/\/trommeleididieigner.de\/<\/a><\/p>\n\n\n\n<div style=\"height:100px\" aria-hidden=\"true\" class=\"wp-block-spacer\"><\/div>\n\n\n\n<p class=\"has-text-align-center\" id=\"Ulrike\"><strong>Ulrike Huber<\/strong><\/p>\n\n\n\n<figure class=\"wp-block-gallery aligncenter has-nested-images columns-default is-cropped wp-block-gallery-5 is-layout-flex wp-block-gallery-is-layout-flex\"><div class=\"wp-block-image\">\n<figure class=\"aligncenter size-full is-resized\"><img decoding=\"async\" loading=\"lazy\" data-id=\"171\" src=\"https:\/\/musikwerkstattgeisenhausen.de\/wp-content\/uploads\/2023\/08\/Musikwerkstatt_Ulrike_Huber.jpg\" alt=\"\" class=\"wp-image-171\" style=\"width:397px;height:495px\" width=\"397\" height=\"495\"\/><\/figure><\/div><\/figure>\n\n\n\n<p class=\"has-text-align-center\"><em>Instrument:<br>Querfl\u00f6te<\/em><\/p>\n\n\n\n<div style=\"height:100px\" aria-hidden=\"true\" class=\"wp-block-spacer\"><\/div>\n\n\n\n<p class=\"has-text-align-center\" id=\"Eva\"><strong>Katharina Fischer<\/strong><\/p>\n\n\n\n<figure class=\"wp-block-gallery aligncenter has-nested-images columns-default is-cropped wp-block-gallery-7 is-layout-flex wp-block-gallery-is-layout-flex\"><\/figure>\n\n\n\n<p class=\"has-text-align-center\">Harfenstudium am Mozarteum Salzburg bei Prof. Edward Witsenburg und Prof. Sarah O&#8217;Brien<\/p>\n\n\n\n<p class=\"has-text-align-center\">Meisterkurse bei u.a. Xavier de Maistre, Isabell Perrin, und Erika Waardenburg<\/p>\n\n\n\n<p class=\"has-text-align-center\">Preistr\u00e4gerin Landes-\/Bundeswettbewerb Jugend Musiziert<\/p>\n\n\n\n<p class=\"has-text-align-center\">Tr\u00e4gerin des Jugendkulturpreises des Rotary Clubs Landshut<\/p>\n\n\n\n<p class=\"has-text-align-center\">Aushilfst\u00e4tigkeit bei diversen Orchestern<\/p>\n\n\n\n<p class=\"has-text-align-center\">Mitglied der Geisenhausener Saitenmusik und Folklass<\/p>\n\n\n\n<p class=\"has-text-align-center\"><em>Instrument:<br>Harfe<\/em><\/p>\n\n\n\n<div style=\"height:100px\" aria-hidden=\"true\" class=\"wp-block-spacer\"><\/div>\n\n\n\n<p class=\"has-text-align-center\" id=\"Irmtraud\"><strong>Irmtraud Wiener<\/strong><\/p>\n\n\n\n<figure class=\"wp-block-gallery aligncenter has-nested-images columns-default is-cropped wp-block-gallery-9 is-layout-flex wp-block-gallery-is-layout-flex\"><div class=\"wp-block-image\">\n<figure class=\"aligncenter size-full is-resized\"><img decoding=\"async\" loading=\"lazy\" data-id=\"173\" src=\"https:\/\/musikwerkstattgeisenhausen.de\/wp-content\/uploads\/2023\/08\/Musikwerkstatt_Irmgard_Wiener.jpg\" alt=\"\" class=\"wp-image-173\" style=\"object-fit:cover;width:400px;height:500px\" width=\"400\" height=\"500\"\/><\/figure><\/div><\/figure>\n\n\n\n<p class=\"has-text-align-center\">Klavierunterricht vom 6. bis 20 Lebensjahr<br>Kirchenorgelunterricht vom 14. bis 19 Lebensjahr<br>Rhythmikstudium an der Hochschule f\u00fcr Musik Detmold,<br>seit 1990 Unterrichtst\u00e4tigkeit unter Anderem an der Musikschule Tostedt, Neuwied und an der Erzieherinnenfachschule Seligenthal\/Landshut<br>Unterricht bei Birgit Nerdinger an der Internationalen Akademie f\u00fcr musikalische Bildung in Karlsruhe<\/p>\n\n\n\n<p class=\"has-text-align-center\"><em>Instrumente:<br>Klavier<\/em><\/p>\n\n\n\n<div style=\"height:100px\" aria-hidden=\"true\" class=\"wp-block-spacer\"><\/div>\n\n\n\n<p class=\"has-text-align-center\" id=\"Ingrid\"><strong>Ingrid Gerbl<\/strong><\/p>\n\n\n\n<figure class=\"wp-block-gallery aligncenter has-nested-images columns-default is-cropped wp-block-gallery-11 is-layout-flex wp-block-gallery-is-layout-flex\"><div class=\"wp-block-image\">\n<figure class=\"aligncenter size-full is-resized\"><img decoding=\"async\" loading=\"lazy\" data-id=\"263\" src=\"https:\/\/musikwerkstattgeisenhausen.de\/wp-content\/uploads\/2023\/09\/Musikwerkstatt_Ingrid_Gerbl.jpg\" alt=\"\" class=\"wp-image-263\" style=\"width:384px;height:504px\" width=\"384\" height=\"504\"\/><\/figure><\/div><\/figure>\n\n\n\n<p class=\"has-text-align-center\">Musikunterricht am Akkordeon ab 1975 bei Ludwig Rottenwallner<br>D3-Lehrgang f\u00fcr Akkordeonspieler<br>Weiterbildung zur integral-therapeutischen Musikp\u00e4dagogin, Abschlu\u00df im M\u00e4rz 2014<br><br>Musikgruppen:<br>Seit 1982 Akkordeonorchester Velden, Stimmf\u00fchrerin 4. Stimme<br>2007 &#8211; 2022 \u201e1000 Heftl\u201d \u2013 Rock, Soul, Blues, Jazz<br>seit 2008 <a rel=\"noreferrer noopener\" href=\"http:\/\/die-kaffeehausmusik.de\/Kaffeehausmusik\/Willkommen.html\" target=\"_blank\">\u201edie Kaffeehausmusik\u201c &#8211; gehobene Unterhaltungsmusik<\/a><br>seit 2015 \u201eMusik ohne Grenzen&#8220; mit Sylvia Sch\u00e4fer<\/p>\n\n\n\n<p class=\"has-text-align-center\"><em>Instrumente:<br>Akkordeon, Keyboard (Anf\u00e4nger)<\/em><\/p>\n\n\n\n<div style=\"height:100px\" aria-hidden=\"true\" class=\"wp-block-spacer\"><\/div>\n\n\n\n<div style=\"height:100px\" aria-hidden=\"true\" class=\"wp-block-spacer\"><\/div>\n","protected":false},"excerpt":{"rendered":"<p>Gunda Lemberger-Tremmel Leiterin der Musikwerkstatt Geisenhausen Elementare Musikp\u00e4dagogische Ausbildung nach Orff und Pierre Van HauweMusikalische Leitung der Barabara SingersMitglied der Geisenhausener Saitenmusik und Folklass Instrumente:Hackbrett, Gitarre, Sopraninofl\u00f6te, Sopranfl\u00f6te, Altfl\u00f6te, Tenorfl\u00f6te, Bassfl\u00f6te,Steirische Harmonika, Klavier, Musikalische Fr\u00fcherziehung Monika Fischer elementare Musikp\u00e4dagogin (Pierre von Hauwe Konzept) und zertifizierte Gitarrenlehrerin Mitglied der Geisenhausener Saitenmusik, Folklass und verschiedene Orchester. Instrumente:Gitarre, &hellip; <\/p>\n<p class=\"link-more\"><a href=\"https:\/\/musikwerkstattgeisenhausen.de\/?page_id=12\" class=\"more-link\">Mehr <span class=\"screen-reader-text\">\u00fcber &#8222;Unsere Lehrer&#8220; <\/span>Lesen<\/a><\/p>\n","protected":false},"author":2,"featured_media":0,"parent":0,"menu_order":0,"comment_status":"closed","ping_status":"closed","template":"","meta":{"footnotes":""},"_links":{"self":[{"href":"https:\/\/musikwerkstattgeisenhausen.de\/index.php?rest_route=\/wp\/v2\/pages\/12"}],"collection":[{"href":"https:\/\/musikwerkstattgeisenhausen.de\/index.php?rest_route=\/wp\/v2\/pages"}],"about":[{"href":"https:\/\/musikwerkstattgeisenhausen.de\/index.php?rest_route=\/wp\/v2\/types\/page"}],"author":[{"embeddable":true,"href":"https:\/\/musikwerkstattgeisenhausen.de\/index.php?rest_route=\/wp\/v2\/users\/2"}],"replies":[{"embeddable":true,"href":"https:\/\/musikwerkstattgeisenhausen.de\/index.php?rest_route=%2Fwp%2Fv2%2Fcomments&post=12"}],"version-history":[{"count":35,"href":"https:\/\/musikwerkstattgeisenhausen.de\/index.php?rest_route=\/wp\/v2\/pages\/12\/revisions"}],"predecessor-version":[{"id":381,"href":"https:\/\/musikwerkstattgeisenhausen.de\/index.php?rest_route=\/wp\/v2\/pages\/12\/revisions\/381"}],"wp:attachment":[{"href":"https:\/\/musikwerkstattgeisenhausen.de\/index.php?rest_route=%2Fwp%2Fv2%2Fmedia&parent=12"}],"curies":[{"name":"wp","href":"https:\/\/api.w.org\/{rel}","templated":true}]}}